{"id":9197,"date":"2026-03-29T21:37:58","date_gmt":"2026-03-29T21:37:58","guid":{"rendered":"https:\/\/armirealestate.com\/?post_type=property&#038;p=9197"},"modified":"2026-06-06T16:27:28","modified_gmt":"2026-06-06T16:27:28","slug":"duplex-for-sale-on-calle-de-la-mare-de-deu-del-pilar","status":"publish","type":"property","link":"https:\/\/armirealestate.com\/en\/property\/duplex-en-venta-en-calle-de-la-mare-de-deu-del-pilar\/","title":{"rendered":"Duplex flat for sale on Calle de la Mare de D\u00e9u del Pilar"},"content":{"rendered":"<p class=\"wp-block-paragraph\"><strong>Sant Pere \u2013 Santa Caterina and La Ribera, Barcelona<\/strong><br><\/p>\n\n\n\n<p class=\"wp-block-paragraph\">A spectacular designer duplex with a swimming pool and a large outdoor terrace \u2013 280 m\u00b2 \u2013 located just a few steps from the famous Palau de la M\u00fasica Catalana, right in the heart of Barcelona.<br><br>An exclusive 280 m\u00b2 duplex property, newly built and featuring a contemporary design, ideal for those seeking spaciousness, natural light and the highest quality of life in a modern and elegant setting.<br><br>The property stands out for its open-plan layout and its refined architecture, combining high-quality materials with a contemporary style. It features 3 spacious bedrooms and 3 full bathrooms, offering comfort and privacy in every room.<br><br>One of its main attractions is the impressive, spacious outdoor terrace, perfect for enjoying the fresh air, hosting gatherings or simply relaxing. The property also features an elegant vertical garden, which adds a natural and sophisticated touch, as well as a private swimming pool that completes this exclusive property.<br><br>The property is practically new, with modern and practical finishes. It includes a garage space for bicycles and a storage room, providing extra convenience and storage space.<br><br>A unique, spacious and very light-filled property, ideal for those looking for a modern, exclusive home that\u2019s ready to move into.<\/p>\n\n\n\n<h2 class=\"wp-block-heading\"><strong>Key features<\/strong><\/h2>\n\n\n\n<ul class=\"wp-block-list\">\n<li>280 m\u00b2 gross floor area, 270 m\u00b2 net floor area<\/li>\n\n\n\n<li>3 bedrooms<\/li>\n\n\n\n<li>3 bathrooms<\/li>\n\n\n\n<li>Terrace and balcony<\/li>\n\n\n\n<li>Second-hand\/good condition<\/li>\n\n\n\n<li>Fitted wardrobes<\/li>\n\n\n\n<li>Storage room<\/li>\n\n\n\n<li>North, south facing<\/li>\n\n\n\n<li>Built in 2018<\/li>\n\n\n\n<li>Individual heating: Electric<\/li>\n<\/ul>\n\n\n\n<h2 class=\"wp-block-heading\"><strong>Building<\/strong><\/h2>\n\n\n\n<ul class=\"wp-block-list\">\n<li>2nd floor, external view<\/li>\n\n\n\n<li>With a lift<\/li>\n<\/ul>\n\n\n\n<h2 class=\"wp-block-heading\"><strong>Facilities<\/strong><\/h2>\n\n\n\n<ul class=\"wp-block-list\">\n<li>Air conditioning<\/li>\n\n\n\n<li>Swimming pool<\/li>\n\n\n\n<li>Garden<\/li>\n<\/ul>\n\n\n\n<h2 class=\"wp-block-heading\"><strong>Energy performance certificate<\/strong><\/h2>\n\n\n\n<ul class=\"wp-block-list\">\n<li>Consumption: B<\/li>\n\n\n\n<li>Emissions: B<\/li>\n<\/ul>","protected":false},"excerpt":{"rendered":"<p>Sant Pere &#8211; Santa Caterina i la Ribera, Barcelona Espectacular d\u00faplex de dise\u00f1o con piscina y gran terraza exterior \u2013 280 m\u00b2 ubicado a solo unos pasos del famoso Palau de la M\u00fasica Catalana, en pleno centro de la ciudad condal. Exclusiva vivienda tipo d\u00faplex de 280 m\u00b2, de obra reciente y dise\u00f1o contempor\u00e1neo, pensada [&hellip;]<\/p>\n","protected":false},"author":2,"featured_media":9203,"parent":0,"menu_order":0,"template":"","property_type":[140],"property_status":[198],"property_feature":[73,96],"property_label":[],"property_country":[200],"property_state":[205],"property_city":[147],"property_area":[],"coauthors":[],"class_list":["post-9197","property","type-property","status-publish","has-post-thumbnail","hentry","property_type-piso","property_status-en-venta","property_feature-air-conditioning","property_feature-swimming-pool","property_country-espana","property_state-catalunya","property_city-barcelona"],"aioseo_notices":[],"aioseo_head":"\n\t\t<!-- All in One SEO 4.9.8 - aioseo.com -->\n\t<meta name=\"description\" content=\"Sant Pere - Santa Caterina i la Ribera, Barcelona Espectacular d\u00faplex de dise\u00f1o con piscina y gran terraza exterior \u2013 280 m\u00b2 ubicado a solo unos pasos del famoso Palau de la M\u00fasica Catalana, en pleno centro de la ciudad condal.Exclusiva vivienda tipo d\u00faplex de 280 m\u00b2, de obra reciente y dise\u00f1o contempor\u00e1neo, pensada para\" \/>\n\t<meta name=\"robots\" content=\"max-image-preview:large\" \/>\n\t<meta name=\"author\" content=\"Armi Real Estate\"\/>\n\t<link rel=\"canonical\" href=\"https:\/\/armirealestate.com\/en\/property\/duplex-en-venta-en-calle-de-la-mare-de-deu-del-pilar\/\" \/>\n\t<meta name=\"generator\" content=\"All in One SEO (AIOSEO) 4.9.8\" \/>\n\t\t<meta property=\"og:locale\" content=\"en_GB\" \/>\n\t\t<meta property=\"og:site_name\" content=\"Armi Real Estate -\" \/>\n\t\t<meta property=\"og:type\" content=\"article\" \/>\n\t\t<meta property=\"og:title\" content=\"D\u00faplex en venta en Calle de la Mare de D\u00e9u del Pilar - Armi Real Estate\" \/>\n\t\t<meta property=\"og:description\" content=\"Sant Pere - Santa Caterina i la Ribera, Barcelona Espectacular d\u00faplex de dise\u00f1o con piscina y gran terraza exterior \u2013 280 m\u00b2 ubicado a solo unos pasos del famoso Palau de la M\u00fasica Catalana, en pleno centro de la ciudad condal.Exclusiva vivienda tipo d\u00faplex de 280 m\u00b2, de obra reciente y dise\u00f1o contempor\u00e1neo, pensada para\" \/>\n\t\t<meta property=\"og:url\" content=\"https:\/\/armirealestate.com\/en\/property\/duplex-en-venta-en-calle-de-la-mare-de-deu-del-pilar\/\" \/>\n\t\t<meta property=\"og:image\" content=\"https:\/\/armirealestate.com\/wp-content\/uploads\/2021\/11\/logo-retina-01-free-img.png\" \/>\n\t\t<meta property=\"og:image:secure_url\" content=\"https:\/\/armirealestate.com\/wp-content\/uploads\/2021\/11\/logo-retina-01-free-img.png\" \/>\n\t\t<meta property=\"og:image:width\" content=\"304\" \/>\n\t\t<meta property=\"og:image:height\" content=\"137\" \/>\n\t\t<meta property=\"article:published_time\" content=\"2026-03-29T21:37:58+00:00\" \/>\n\t\t<meta property=\"article:modified_time\" content=\"2026-06-06T16:27:28+00:00\" \/>\n\t\t<meta name=\"twitter:card\" content=\"summary_large_image\" \/>\n\t\t<meta name=\"twitter:title\" content=\"D\u00faplex en venta en Calle de la Mare de D\u00e9u del Pilar - Armi Real Estate\" \/>\n\t\t<meta name=\"twitter:description\" content=\"Sant Pere - Santa Caterina i la Ribera, Barcelona Espectacular d\u00faplex de dise\u00f1o con piscina y gran terraza exterior \u2013 280 m\u00b2 ubicado a solo unos pasos del famoso Palau de la M\u00fasica Catalana, en pleno centro de la ciudad condal.Exclusiva vivienda tipo d\u00faplex de 280 m\u00b2, de obra reciente y dise\u00f1o contempor\u00e1neo, pensada para\" \/>\n\t\t<meta name=\"twitter:image\" content=\"https:\/\/armirealestate.com\/wp-content\/uploads\/2021\/11\/logo-retina-01-free-img.png\" \/>\n\t\t<script type=\"application\/ld+json\" class=\"aioseo-schema\">\n\t\t\t{\"@context\":\"https:\\\/\\\/schema.org\",\"@graph\":[{\"@type\":\"BreadcrumbList\",\"@id\":\"https:\\\/\\\/armirealestate.com\\\/en\\\/property\\\/duplex-en-venta-en-calle-de-la-mare-de-deu-del-pilar\\\/#breadcrumblist\",\"itemListElement\":[{\"@type\":\"ListItem\",\"@id\":\"https:\\\/\\\/armirealestate.com\\\/en#listItem\",\"position\":1,\"name\":\"Home\",\"item\":\"https:\\\/\\\/armirealestate.com\\\/en\",\"nextItem\":{\"@type\":\"ListItem\",\"@id\":\"https:\\\/\\\/armirealestate.com\\\/en\\\/property\\\/#listItem\",\"name\":\"Properties\"}},{\"@type\":\"ListItem\",\"@id\":\"https:\\\/\\\/armirealestate.com\\\/en\\\/property\\\/#listItem\",\"position\":2,\"name\":\"Properties\",\"item\":\"https:\\\/\\\/armirealestate.com\\\/en\\\/property\\\/\",\"nextItem\":{\"@type\":\"ListItem\",\"@id\":\"https:\\\/\\\/armirealestate.com\\\/en\\\/property-type\\\/piso\\\/#listItem\",\"name\":\"Piso\"},\"previousItem\":{\"@type\":\"ListItem\",\"@id\":\"https:\\\/\\\/armirealestate.com\\\/en#listItem\",\"name\":\"Home\"}},{\"@type\":\"ListItem\",\"@id\":\"https:\\\/\\\/armirealestate.com\\\/en\\\/property-type\\\/piso\\\/#listItem\",\"position\":3,\"name\":\"Piso\",\"item\":\"https:\\\/\\\/armirealestate.com\\\/en\\\/property-type\\\/piso\\\/\",\"nextItem\":{\"@type\":\"ListItem\",\"@id\":\"https:\\\/\\\/armirealestate.com\\\/en\\\/property\\\/duplex-en-venta-en-calle-de-la-mare-de-deu-del-pilar\\\/#listItem\",\"name\":\"D\\u00faplex en venta en Calle de la Mare de D\\u00e9u del Pilar\"},\"previousItem\":{\"@type\":\"ListItem\",\"@id\":\"https:\\\/\\\/armirealestate.com\\\/en\\\/property\\\/#listItem\",\"name\":\"Properties\"}},{\"@type\":\"ListItem\",\"@id\":\"https:\\\/\\\/armirealestate.com\\\/en\\\/property\\\/duplex-en-venta-en-calle-de-la-mare-de-deu-del-pilar\\\/#listItem\",\"position\":4,\"name\":\"D\\u00faplex en venta en Calle de la Mare de D\\u00e9u del Pilar\",\"previousItem\":{\"@type\":\"ListItem\",\"@id\":\"https:\\\/\\\/armirealestate.com\\\/en\\\/property-type\\\/piso\\\/#listItem\",\"name\":\"Piso\"}}]},{\"@type\":\"Organization\",\"@id\":\"https:\\\/\\\/armirealestate.com\\\/en\\\/#organization\",\"name\":\"Armi Real Estate\",\"url\":\"https:\\\/\\\/armirealestate.com\\\/en\\\/\"},{\"@type\":\"Person\",\"@id\":\"https:\\\/\\\/armirealestate.com\\\/en\\\/author\\\/armieperea\\\/#author\",\"url\":\"https:\\\/\\\/armirealestate.com\\\/en\\\/author\\\/armieperea\\\/\",\"name\":\"Armi Real Estate\",\"image\":{\"@type\":\"ImageObject\",\"@id\":\"https:\\\/\\\/armirealestate.com\\\/en\\\/property\\\/duplex-en-venta-en-calle-de-la-mare-de-deu-del-pilar\\\/#authorImage\",\"url\":\"https:\\\/\\\/secure.gravatar.com\\\/avatar\\\/047f7074c8c6bdaffb50f8d1618c65389cc298943cd87517873a072de4dc2847?s=96&d=mm&r=g\",\"width\":96,\"height\":96,\"caption\":\"Armi Real Estate\"}},{\"@type\":\"WebPage\",\"@id\":\"https:\\\/\\\/armirealestate.com\\\/en\\\/property\\\/duplex-en-venta-en-calle-de-la-mare-de-deu-del-pilar\\\/#webpage\",\"url\":\"https:\\\/\\\/armirealestate.com\\\/en\\\/property\\\/duplex-en-venta-en-calle-de-la-mare-de-deu-del-pilar\\\/\",\"name\":\"D\\u00faplex en venta en Calle de la Mare de D\\u00e9u del Pilar - Armi Real Estate\",\"description\":\"Sant Pere - Santa Caterina i la Ribera, Barcelona Espectacular d\\u00faplex de dise\\u00f1o con piscina y gran terraza exterior \\u2013 280 m\\u00b2 ubicado a solo unos pasos del famoso Palau de la M\\u00fasica Catalana, en pleno centro de la ciudad condal.Exclusiva vivienda tipo d\\u00faplex de 280 m\\u00b2, de obra reciente y dise\\u00f1o contempor\\u00e1neo, pensada para\",\"inLanguage\":\"en-GB\",\"isPartOf\":{\"@id\":\"https:\\\/\\\/armirealestate.com\\\/en\\\/#website\"},\"breadcrumb\":{\"@id\":\"https:\\\/\\\/armirealestate.com\\\/en\\\/property\\\/duplex-en-venta-en-calle-de-la-mare-de-deu-del-pilar\\\/#breadcrumblist\"},\"author\":{\"@id\":\"https:\\\/\\\/armirealestate.com\\\/en\\\/author\\\/armieperea\\\/#author\"},\"creator\":{\"@id\":\"https:\\\/\\\/armirealestate.com\\\/en\\\/author\\\/armieperea\\\/#author\"},\"image\":{\"@type\":\"ImageObject\",\"url\":\"https:\\\/\\\/armirealestate.com\\\/wp-content\\\/uploads\\\/2026\\\/03\\\/Piscina.jpg\",\"@id\":\"https:\\\/\\\/armirealestate.com\\\/en\\\/property\\\/duplex-en-venta-en-calle-de-la-mare-de-deu-del-pilar\\\/#mainImage\",\"width\":1025,\"height\":767},\"primaryImageOfPage\":{\"@id\":\"https:\\\/\\\/armirealestate.com\\\/en\\\/property\\\/duplex-en-venta-en-calle-de-la-mare-de-deu-del-pilar\\\/#mainImage\"},\"datePublished\":\"2026-03-29T21:37:58+00:00\",\"dateModified\":\"2026-06-06T16:27:28+00:00\"},{\"@type\":\"WebSite\",\"@id\":\"https:\\\/\\\/armirealestate.com\\\/en\\\/#website\",\"url\":\"https:\\\/\\\/armirealestate.com\\\/en\\\/\",\"name\":\"Armi Real Estate\",\"inLanguage\":\"en-GB\",\"publisher\":{\"@id\":\"https:\\\/\\\/armirealestate.com\\\/en\\\/#organization\"}}]}\n\t\t<\/script>\n\t\t<!-- All in One SEO -->\n\n","aioseo_head_json":{"title":"Duplex for sale on Calle de la Mare de D\u00e9u del Pilar - Armi Real Estate","description":"Sant Pere - Santa Caterina i la Ribera, Barcelona Spectacular designer duplex with a swimming pool and large outdoor terrace \u2013 280 m\u00b2 \u2013 situated just a few steps from the famous Palau de la M\u00fasica Catalana, right in the heart of Barcelona.An exclusive 280 m\u00b2 duplex flat, newly built and featuring a contemporary design, designed to","canonical_url":"https:\/\/armirealestate.com\/en\/property\/duplex-en-venta-en-calle-de-la-mare-de-deu-del-pilar\/","robots":"max-image-preview:large","keywords":"","webmasterTools":{"miscellaneous":""},"schema":{"@context":"https:\/\/schema.org","@graph":[{"@type":"BreadcrumbList","@id":"https:\/\/armirealestate.com\/en\/property\/duplex-en-venta-en-calle-de-la-mare-de-deu-del-pilar\/#breadcrumblist","itemListElement":[{"@type":"ListItem","@id":"https:\/\/armirealestate.com\/en#listItem","position":1,"name":"Home","item":"https:\/\/armirealestate.com\/en","nextItem":{"@type":"ListItem","@id":"https:\/\/armirealestate.com\/en\/property\/#listItem","name":"Properties"}},{"@type":"ListItem","@id":"https:\/\/armirealestate.com\/en\/property\/#listItem","position":2,"name":"Properties","item":"https:\/\/armirealestate.com\/en\/property\/","nextItem":{"@type":"ListItem","@id":"https:\/\/armirealestate.com\/en\/property-type\/piso\/#listItem","name":"Piso"},"previousItem":{"@type":"ListItem","@id":"https:\/\/armirealestate.com\/en#listItem","name":"Home"}},{"@type":"ListItem","@id":"https:\/\/armirealestate.com\/en\/property-type\/piso\/#listItem","position":3,"name":"Piso","item":"https:\/\/armirealestate.com\/en\/property-type\/piso\/","nextItem":{"@type":"ListItem","@id":"https:\/\/armirealestate.com\/en\/property\/duplex-en-venta-en-calle-de-la-mare-de-deu-del-pilar\/#listItem","name":"D\u00faplex en venta en Calle de la Mare de D\u00e9u del Pilar"},"previousItem":{"@type":"ListItem","@id":"https:\/\/armirealestate.com\/en\/property\/#listItem","name":"Properties"}},{"@type":"ListItem","@id":"https:\/\/armirealestate.com\/en\/property\/duplex-en-venta-en-calle-de-la-mare-de-deu-del-pilar\/#listItem","position":4,"name":"D\u00faplex en venta en Calle de la Mare de D\u00e9u del Pilar","previousItem":{"@type":"ListItem","@id":"https:\/\/armirealestate.com\/en\/property-type\/piso\/#listItem","name":"Piso"}}]},{"@type":"Organization","@id":"https:\/\/armirealestate.com\/en\/#organization","name":"Armi Real Estate","url":"https:\/\/armirealestate.com\/en\/"},{"@type":"Person","@id":"https:\/\/armirealestate.com\/en\/author\/armieperea\/#author","url":"https:\/\/armirealestate.com\/en\/author\/armieperea\/","name":"Armi Real Estate","image":{"@type":"ImageObject","@id":"https:\/\/armirealestate.com\/en\/property\/duplex-en-venta-en-calle-de-la-mare-de-deu-del-pilar\/#authorImage","url":"https:\/\/secure.gravatar.com\/avatar\/047f7074c8c6bdaffb50f8d1618c65389cc298943cd87517873a072de4dc2847?s=96&d=mm&r=g","width":96,"height":96,"caption":"Armi Real Estate"}},{"@type":"WebPage","@id":"https:\/\/armirealestate.com\/en\/property\/duplex-en-venta-en-calle-de-la-mare-de-deu-del-pilar\/#webpage","url":"https:\/\/armirealestate.com\/en\/property\/duplex-en-venta-en-calle-de-la-mare-de-deu-del-pilar\/","name":"D\u00faplex en venta en Calle de la Mare de D\u00e9u del Pilar - Armi Real Estate","description":"Sant Pere - Santa Caterina i la Ribera, Barcelona Espectacular d\u00faplex de dise\u00f1o con piscina y gran terraza exterior \u2013 280 m\u00b2 ubicado a solo unos pasos del famoso Palau de la M\u00fasica Catalana, en pleno centro de la ciudad condal.Exclusiva vivienda tipo d\u00faplex de 280 m\u00b2, de obra reciente y dise\u00f1o contempor\u00e1neo, pensada para","inLanguage":"en-GB","isPartOf":{"@id":"https:\/\/armirealestate.com\/en\/#website"},"breadcrumb":{"@id":"https:\/\/armirealestate.com\/en\/property\/duplex-en-venta-en-calle-de-la-mare-de-deu-del-pilar\/#breadcrumblist"},"author":{"@id":"https:\/\/armirealestate.com\/en\/author\/armieperea\/#author"},"creator":{"@id":"https:\/\/armirealestate.com\/en\/author\/armieperea\/#author"},"image":{"@type":"ImageObject","url":"https:\/\/armirealestate.com\/wp-content\/uploads\/2026\/03\/Piscina.jpg","@id":"https:\/\/armirealestate.com\/en\/property\/duplex-en-venta-en-calle-de-la-mare-de-deu-del-pilar\/#mainImage","width":1025,"height":767},"primaryImageOfPage":{"@id":"https:\/\/armirealestate.com\/en\/property\/duplex-en-venta-en-calle-de-la-mare-de-deu-del-pilar\/#mainImage"},"datePublished":"2026-03-29T21:37:58+00:00","dateModified":"2026-06-06T16:27:28+00:00"},{"@type":"WebSite","@id":"https:\/\/armirealestate.com\/en\/#website","url":"https:\/\/armirealestate.com\/en\/","name":"Armi Real Estate","inLanguage":"en-GB","publisher":{"@id":"https:\/\/armirealestate.com\/en\/#organization"}}]},"og:locale":"en_GB","og:site_name":"Armi Real Estate -","og:type":"article","og:title":"D\u00faplex en venta en Calle de la Mare de D\u00e9u del Pilar - Armi Real Estate","og:description":"Sant Pere - Santa Caterina i la Ribera, Barcelona Espectacular d\u00faplex de dise\u00f1o con piscina y gran terraza exterior \u2013 280 m\u00b2 ubicado a solo unos pasos del famoso Palau de la M\u00fasica Catalana, en pleno centro de la ciudad condal.Exclusiva vivienda tipo d\u00faplex de 280 m\u00b2, de obra reciente y dise\u00f1o contempor\u00e1neo, pensada para","og:url":"https:\/\/armirealestate.com\/en\/property\/duplex-en-venta-en-calle-de-la-mare-de-deu-del-pilar\/","og:image":"https:\/\/armirealestate.com\/wp-content\/uploads\/2021\/11\/logo-retina-01-free-img.png","og:image:secure_url":"https:\/\/armirealestate.com\/wp-content\/uploads\/2021\/11\/logo-retina-01-free-img.png","og:image:width":304,"og:image:height":137,"article:published_time":"2026-03-29T21:37:58+00:00","article:modified_time":"2026-06-06T16:27:28+00:00","twitter:card":"summary_large_image","twitter:title":"D\u00faplex en venta en Calle de la Mare de D\u00e9u del Pilar - Armi Real Estate","twitter:description":"Sant Pere - Santa Caterina i la Ribera, Barcelona Espectacular d\u00faplex de dise\u00f1o con piscina y gran terraza exterior \u2013 280 m\u00b2 ubicado a solo unos pasos del famoso Palau de la M\u00fasica Catalana, en pleno centro de la ciudad condal.Exclusiva vivienda tipo d\u00faplex de 280 m\u00b2, de obra reciente y dise\u00f1o contempor\u00e1neo, pensada para","twitter:image":"https:\/\/armirealestate.com\/wp-content\/uploads\/2021\/11\/logo-retina-01-free-img.png"},"aioseo_meta_data":{"post_id":"9197","title":null,"description":null,"keywords":null,"keyphrases":{"focus":{"keyphrase":"","score":0,"analysis":{"keyphraseInTitle":{"score":0,"maxScore":9,"error":1}}},"additional":[]},"primary_term":null,"canonical_url":null,"og_title":null,"og_description":null,"og_object_type":"default","og_image_type":"default","og_image_url":null,"og_image_width":null,"og_image_height":null,"og_image_custom_url":null,"og_image_custom_fields":null,"og_video":"","og_custom_url":null,"og_article_section":null,"og_article_tags":null,"twitter_use_og":false,"twitter_card":"default","twitter_image_type":"default","twitter_image_url":null,"twitter_image_custom_url":null,"twitter_image_custom_fields":null,"twitter_title":null,"twitter_description":null,"schema":{"blockGraphs":[],"customGraphs":[],"default":{"data":{"Article":[],"Course":[],"Dataset":[],"FAQPage":[],"Movie":[],"Person":[],"Product":[],"ProductReview":[],"Car":[],"Recipe":[],"Service":[],"SoftwareApplication":[],"WebPage":[]},"graphName":"WebPage","isEnabled":true},"graphs":[]},"schema_type":"default","schema_type_options":null,"pillar_content":false,"robots_default":true,"robots_noindex":false,"robots_noarchive":false,"robots_nosnippet":false,"robots_nofollow":false,"robots_noimageindex":false,"robots_noodp":false,"robots_notranslate":false,"robots_max_snippet":"-1","robots_max_videopreview":"-1","robots_max_imagepreview":"large","priority":null,"frequency":"default","local_seo":null,"breadcrumb_settings":null,"limit_modified_date":false,"ai":{"faqs":[],"keyPoints":[],"titles":[],"descriptions":[],"socialPosts":{"email":[],"linkedin":[],"twitter":[],"facebook":[],"instagram":[]}},"created":"2026-03-29 21:37:59","updated":"2026-06-14 16:36:24","seo_analyzer_scan_date":null},"aioseo_breadcrumb":"<div class=\"aioseo-breadcrumbs\"><span class=\"aioseo-breadcrumb\">\n\t\t\t<a href=\"https:\/\/armirealestate.com\/en\" title=\"Home\">Home<\/a>\n\t\t<\/span><span class=\"aioseo-breadcrumb-separator\">&raquo;<\/span><span class=\"aioseo-breadcrumb\">\n\t\t\t<a href=\"https:\/\/armirealestate.com\/en\/property\/\" title=\"Properties\">Properties<\/a>\n\t\t<\/span><span class=\"aioseo-breadcrumb-separator\">&raquo;<\/span><span class=\"aioseo-breadcrumb\">\n\t\t\t<a href=\"https:\/\/armirealestate.com\/en\/property-type\/piso\/\" title=\"Piso\">Piso<\/a>\n\t\t<\/span><span class=\"aioseo-breadcrumb-separator\">&raquo;<\/span><span class=\"aioseo-breadcrumb\">\n\t\t\tD\u00faplex en venta en Calle de la Mare de D\u00e9u del Pilar\n\t\t<\/span><\/div>","aioseo_breadcrumb_json":[{"label":"Home","link":"https:\/\/armirealestate.com\/en"},{"label":"Properties","link":"https:\/\/armirealestate.com\/en\/property\/"},{"label":"Piso","link":"https:\/\/armirealestate.com\/en\/property-type\/piso\/"},{"label":"D\u00faplex en venta en Calle de la Mare de D\u00e9u del Pilar","link":"https:\/\/armirealestate.com\/en\/property\/duplex-en-venta-en-calle-de-la-mare-de-deu-del-pilar\/"}],"property_meta":{"_edit_lock":["1780763248:2"],"_edit_last":["2"],"fave_property_price":["1900000"],"fave_show_price_placeholder":["0"],"fave_property_size":["280"],"fave_property_size_prefix":["m3"],"fave_property_bedrooms":["3"],"fave_property_bathrooms":["3"],"fave_property_id":["BCN056"],"fave_property_map":["1"],"fave_property_location":["41.384548843418,2.1783185005188,18"],"houzez_geolocation_lat":["41.384548843418"],"houzez_geolocation_long":["2.1783185005188"],"fave_property_map_street_view":["hide"],"fave_featured":["1"],"houzez_featured_listing_date":["2026-03-29 21:46:20"],"fave_loggedintoview":["0"],"fave_agent_display_option":["author_info"],"fave_prop_homeslider":["no"],"fave_single_top_area":["global"],"fave_single_content_area":["global"],"_aioseo_title":[null],"_aioseo_description":[null],"_aioseo_keywords":["a:0:{}"],"_aioseo_og_title":[""],"_aioseo_og_description":[""],"_aioseo_og_article_section":[""],"_aioseo_og_article_tags":["a:0:{}"],"_aioseo_twitter_title":[""],"_aioseo_twitter_description":[""],"houzez_manual_expire":["0"],"_houzez_expiration_date_status":["saved"],"houzez_total_property_views":["179"],"houzez_views_by_date":["a:61:{s:10:\"05-14-2026\";i:1;s:10:\"05-15-2026\";i:1;s:10:\"05-17-2026\";i:3;s:10:\"05-18-2026\";i:1;s:10:\"05-20-2026\";i:1;s:10:\"05-22-2026\";i:1;s:10:\"05-23-2026\";i:1;s:10:\"05-24-2026\";i:4;s:10:\"05-25-2026\";i:1;s:10:\"05-26-2026\";i:2;s:10:\"05-28-2026\";i:2;s:10:\"05-29-2026\";i:2;s:10:\"05-31-2026\";i:1;s:10:\"06-01-2026\";i:1;s:10:\"06-02-2026\";i:5;s:10:\"06-05-2026\";i:1;s:10:\"06-06-2026\";i:1;s:10:\"06-10-2026\";i:1;s:10:\"06-14-2026\";i:6;s:10:\"06-15-2026\";i:1;s:10:\"06-16-2026\";i:1;s:10:\"06-17-2026\";i:5;s:10:\"06-18-2026\";i:1;s:10:\"06-19-2026\";i:3;s:10:\"06-20-2026\";i:1;s:10:\"06-21-2026\";i:1;s:10:\"06-22-2026\";i:1;s:10:\"06-23-2026\";i:1;s:10:\"06-26-2026\";i:1;s:10:\"06-27-2026\";i:2;s:10:\"07-01-2026\";i:2;s:10:\"07-05-2026\";i:2;s:10:\"07-09-2026\";i:3;s:10:\"07-15-2026\";i:1;s:10:\"07-17-2026\";i:2;s:10:\"07-18-2026\";i:1;s:10:\"07-19-2026\";i:2;s:10:\"07-23-2026\";i:1;s:10:\"07-24-2026\";i:2;s:10:\"07-29-2026\";i:1;s:10:\"07-30-2026\";i:2;s:10:\"08-01-2026\";i:3;s:10:\"08-02-2026\";i:1;s:10:\"08-04-2026\";i:1;s:10:\"08-06-2026\";i:2;s:10:\"08-07-2026\";i:1;s:10:\"08-08-2026\";i:2;s:10:\"08-09-2026\";i:1;s:10:\"08-11-2026\";i:2;s:10:\"08-12-2026\";i:2;s:10:\"08-13-2026\";i:1;s:10:\"08-14-2026\";i:1;s:10:\"08-16-2026\";i:2;s:10:\"08-17-2026\";i:1;s:10:\"08-18-2026\";i:2;s:10:\"08-19-2026\";i:1;s:10:\"08-23-2026\";i:2;s:10:\"08-26-2026\";i:2;s:10:\"08-27-2026\";i:1;s:10:\"08-30-2026\";i:1;s:10:\"08-31-2026\";i:4;}"],"houzez_recently_viewed":["2026-08-31 14:42:27"],"_thumbnail_id":["9203"],"_uagb_previous_block_counts":["a:90:{s:21:\"uagb\/advanced-heading\";i:0;s:15:\"uagb\/blockquote\";i:0;s:12:\"uagb\/buttons\";i:0;s:18:\"uagb\/buttons-child\";i:0;s:19:\"uagb\/call-to-action\";i:0;s:15:\"uagb\/cf7-styler\";i:0;s:11:\"uagb\/column\";i:0;s:12:\"uagb\/columns\";i:0;s:14:\"uagb\/container\";i:0;s:21:\"uagb\/content-timeline\";i:0;s:27:\"uagb\/content-timeline-child\";i:0;s:14:\"uagb\/countdown\";i:0;s:12:\"uagb\/counter\";i:0;s:8:\"uagb\/faq\";i:0;s:14:\"uagb\/faq-child\";i:0;s:10:\"uagb\/forms\";i:0;s:17:\"uagb\/forms-accept\";i:0;s:19:\"uagb\/forms-checkbox\";i:0;s:15:\"uagb\/forms-date\";i:0;s:16:\"uagb\/forms-email\";i:0;s:17:\"uagb\/forms-hidden\";i:0;s:15:\"uagb\/forms-name\";i:0;s:16:\"uagb\/forms-phone\";i:0;s:16:\"uagb\/forms-radio\";i:0;s:17:\"uagb\/forms-select\";i:0;s:19:\"uagb\/forms-textarea\";i:0;s:17:\"uagb\/forms-toggle\";i:0;s:14:\"uagb\/forms-url\";i:0;s:14:\"uagb\/gf-styler\";i:0;s:15:\"uagb\/google-map\";i:0;s:11:\"uagb\/how-to\";i:0;s:16:\"uagb\/how-to-step\";i:0;s:9:\"uagb\/icon\";i:0;s:14:\"uagb\/icon-list\";i:0;s:20:\"uagb\/icon-list-child\";i:0;s:10:\"uagb\/image\";i:0;s:18:\"uagb\/image-gallery\";i:0;s:13:\"uagb\/info-box\";i:0;s:18:\"uagb\/inline-notice\";i:0;s:11:\"uagb\/lottie\";i:0;s:21:\"uagb\/marketing-button\";i:0;s:10:\"uagb\/modal\";i:0;s:18:\"uagb\/popup-builder\";i:0;s:16:\"uagb\/post-button\";i:0;s:18:\"uagb\/post-carousel\";i:0;s:17:\"uagb\/post-excerpt\";i:0;s:14:\"uagb\/post-grid\";i:0;s:15:\"uagb\/post-image\";i:0;s:17:\"uagb\/post-masonry\";i:0;s:14:\"uagb\/post-meta\";i:0;s:18:\"uagb\/post-taxonomy\";i:0;s:18:\"uagb\/post-timeline\";i:0;s:15:\"uagb\/post-title\";i:0;s:20:\"uagb\/restaurant-menu\";i:0;s:26:\"uagb\/restaurant-menu-child\";i:0;s:11:\"uagb\/review\";i:0;s:12:\"uagb\/section\";i:0;s:14:\"uagb\/separator\";i:0;s:11:\"uagb\/slider\";i:0;s:17:\"uagb\/slider-child\";i:0;s:17:\"uagb\/social-share\";i:0;s:23:\"uagb\/social-share-child\";i:0;s:16:\"uagb\/star-rating\";i:0;s:23:\"uagb\/sure-cart-checkout\";i:0;s:22:\"uagb\/sure-cart-product\";i:0;s:15:\"uagb\/sure-forms\";i:0;s:22:\"uagb\/table-of-contents\";i:0;s:9:\"uagb\/tabs\";i:0;s:15:\"uagb\/tabs-child\";i:0;s:18:\"uagb\/taxonomy-list\";i:0;s:9:\"uagb\/team\";i:0;s:16:\"uagb\/testimonial\";i:0;s:14:\"uagb\/wp-search\";i:0;s:19:\"uagb\/instagram-feed\";i:0;s:10:\"uagb\/login\";i:0;s:17:\"uagb\/loop-builder\";i:0;s:18:\"uagb\/loop-category\";i:0;s:20:\"uagb\/loop-pagination\";i:0;s:15:\"uagb\/loop-reset\";i:0;s:16:\"uagb\/loop-search\";i:0;s:14:\"uagb\/loop-sort\";i:0;s:17:\"uagb\/loop-wrapper\";i:0;s:13:\"uagb\/register\";i:0;s:19:\"uagb\/register-email\";i:0;s:24:\"uagb\/register-first-name\";i:0;s:23:\"uagb\/register-last-name\";i:0;s:22:\"uagb\/register-password\";i:0;s:30:\"uagb\/register-reenter-password\";i:0;s:19:\"uagb\/register-terms\";i:0;s:22:\"uagb\/register-username\";i:0;}"],"fave_property_images":["9207","9206","9205","9204","9203","9202","9201","9200"],"rs_page_bg_color":[""],"rank_math_title":[""],"rank_math_description":[""],"rank_math_canonical_url":[""],"rank_math_facebook_title":[""],"rank_math_facebook_description":[""],"rank_math_facebook_image":[""],"rank_math_twitter_title":[""],"rank_math_twitter_description":[""],"rank_math_twitter_image":[""],"rank_math_twitter_use_facebook":["off"],"rank_math_internal_links_processed":["1"],"_elementor_page_assets":["a:0:{}"],"_uag_page_assets":["a:9:{s:3:\"css\";s:4906:\".uagb-block-1a74ade6.wp-block-uagb-image{text-align: left;justify-content: flex-start;align-self: flex-start;}.uagb-block-1a74ade6 .wp-block-uagb-image__figure{align-items: flex-start;}.uagb-block-1a74ade6.wp-block-uagb-image--layout-default figure img{box-shadow: 0px 0px 0 #00000070;}.uagb-block-1a74ade6.wp-block-uagb-image .wp-block-uagb-image__figure figcaption{font-style: normal;align-self: center;}.uagb-block-1a74ade6.wp-block-uagb-image--layout-overlay figure img{box-shadow: 0px 0px 0 #00000070;}.uagb-block-1a74ade6.wp-block-uagb-image--layout-overlay .wp-block-uagb-image--layout-overlay__color-wrapper{opacity: 0.2;}.uagb-block-1a74ade6.wp-block-uagb-image--layout-overlay .wp-block-uagb-image--layout-overlay__inner{left: 15px;right: 15px;top: 15px;bottom: 15px;}.uagb-block-1a74ade6.wp-block-uagb-image--layout-overlay .wp-block-uagb-image--layout-overlay__inner .uagb-image-heading{font-style: normal;color: #fff;opacity: 1;}.uagb-block-1a74ade6.wp-block-uagb-image--layout-overlay .wp-block-uagb-image--layout-overlay__inner .uagb-image-heading a{color: #fff;}.uagb-block-1a74ade6.wp-block-uagb-image--layout-overlay .wp-block-uagb-image--layout-overlay__inner .uagb-image-caption{opacity: 0;}.uagb-block-1a74ade6.wp-block-uagb-image--layout-overlay .wp-block-uagb-image__figure:hover .wp-block-uagb-image--layout-overlay__color-wrapper{opacity: 1;}.uagb-block-1a74ade6.wp-block-uagb-image .wp-block-uagb-image--layout-overlay__inner .uagb-image-separator{width: 30%;border-top-width: 2px;border-top-color: #fff;opacity: 0;}.uagb-block-1a74ade6.wp-block-uagb-image .wp-block-uagb-image__figure img{width: 160px;height: auto;}.uagb-block-1a74ade6.wp-block-uagb-image .wp-block-uagb-image__figure:hover .wp-block-uagb-image--layout-overlay__inner .uagb-image-caption{opacity: 1;}.uagb-block-1a74ade6.wp-block-uagb-image .wp-block-uagb-image__figure:hover .wp-block-uagb-image--layout-overlay__inner .uagb-image-separator{opacity: 1;}.uagb-block-1a74ade6.wp-block-uagb-image--layout-default figure:hover img{box-shadow: 0px 0px 0 #00000070;}.uagb-block-1a74ade6.wp-block-uagb-image--layout-overlay figure:hover img{box-shadow: 0px 0px 0 #00000070;}@media only screen and (max-width: 976px) {.uagb-block-1a74ade6.wp-block-uagb-image .wp-block-uagb-image__figure img{width: 160px;height: auto;}}@media only screen and (max-width: 767px) {.uagb-block-1a74ade6.wp-block-uagb-image .wp-block-uagb-image__figure img{width: 160px;height: auto;}}.uagb-block-89842f88.wp-block-uagb-image{text-align: left;justify-content: flex-start;align-self: flex-start;}.uagb-block-89842f88 .wp-block-uagb-image__figure{align-items: flex-start;}.uagb-block-89842f88.wp-block-uagb-image--layout-default figure img{box-shadow: 0px 0px 0 #00000070;}.uagb-block-89842f88.wp-block-uagb-image .wp-block-uagb-image__figure figcaption{font-style: normal;align-self: center;}.uagb-block-89842f88.wp-block-uagb-image--layout-overlay figure img{box-shadow: 0px 0px 0 #00000070;}.uagb-block-89842f88.wp-block-uagb-image--layout-overlay .wp-block-uagb-image--layout-overlay__color-wrapper{opacity: 0.2;}.uagb-block-89842f88.wp-block-uagb-image--layout-overlay .wp-block-uagb-image--layout-overlay__inner{left: 15px;right: 15px;top: 15px;bottom: 15px;}.uagb-block-89842f88.wp-block-uagb-image--layout-overlay .wp-block-uagb-image--layout-overlay__inner .uagb-image-heading{font-style: normal;color: #fff;opacity: 1;}.uagb-block-89842f88.wp-block-uagb-image--layout-overlay .wp-block-uagb-image--layout-overlay__inner .uagb-image-heading a{color: #fff;}.uagb-block-89842f88.wp-block-uagb-image--layout-overlay .wp-block-uagb-image--layout-overlay__inner .uagb-image-caption{opacity: 0;}.uagb-block-89842f88.wp-block-uagb-image--layout-overlay .wp-block-uagb-image__figure:hover .wp-block-uagb-image--layout-overlay__color-wrapper{opacity: 1;}.uagb-block-89842f88.wp-block-uagb-image .wp-block-uagb-image--layout-overlay__inner .uagb-image-separator{width: 30%;border-top-width: 2px;border-top-color: #fff;opacity: 0;}.uagb-block-89842f88.wp-block-uagb-image .wp-block-uagb-image__figure img{width: 216px;height: auto;}.uagb-block-89842f88.wp-block-uagb-image .wp-block-uagb-image__figure:hover .wp-block-uagb-image--layout-overlay__inner .uagb-image-caption{opacity: 1;}.uagb-block-89842f88.wp-block-uagb-image .wp-block-uagb-image__figure:hover .wp-block-uagb-image--layout-overlay__inner .uagb-image-separator{opacity: 1;}.uagb-block-89842f88.wp-block-uagb-image--layout-default figure:hover img{box-shadow: 0px 0px 0 #00000070;}.uagb-block-89842f88.wp-block-uagb-image--layout-overlay figure:hover img{box-shadow: 0px 0px 0 #00000070;}@media only screen and (max-width: 976px) {.uagb-block-89842f88.wp-block-uagb-image .wp-block-uagb-image__figure img{width: 216px;height: auto;}}@media only screen and (max-width: 767px) {.uagb-block-89842f88.wp-block-uagb-image .wp-block-uagb-image__figure img{width: 216px;height: auto;}}\";s:2:\"js\";s:0:\"\";s:18:\"current_block_list\";a:12:{i:0;s:14:\"core\/paragraph\";i:1;s:12:\"core\/heading\";i:2;s:9:\"core\/list\";i:3;s:14:\"core\/list-item\";i:4;s:11:\"core\/search\";i:5;s:10:\"core\/group\";i:6;s:17:\"core\/latest-posts\";i:7;s:20:\"core\/latest-comments\";i:8;s:13:\"core\/archives\";i:9;s:15:\"core\/categories\";i:10;s:10:\"core\/image\";i:11;s:10:\"uagb\/image\";}s:8:\"uag_flag\";b:1;s:11:\"uag_version\";s:10:\"1788187346\";s:6:\"gfonts\";a:0:{}s:10:\"gfonts_url\";s:0:\"\";s:12:\"gfonts_files\";a:0:{}s:14:\"uag_faq_layout\";b:0;}"]},"uagb_featured_image_src":{"full":["https:\/\/armirealestate.com\/wp-content\/uploads\/2026\/03\/Piscina.jpg",1025,767,false],"thumbnail":["https:\/\/armirealestate.com\/wp-content\/uploads\/2026\/03\/Piscina.jpg",150,112,false],"medium":["https:\/\/armirealestate.com\/wp-content\/uploads\/2026\/03\/Piscina.jpg",300,224,false],"medium_large":["https:\/\/armirealestate.com\/wp-content\/uploads\/2026\/03\/Piscina.jpg",768,575,false],"large":["https:\/\/armirealestate.com\/wp-content\/uploads\/2026\/03\/Piscina.jpg",1024,766,false],"1536x1536":["https:\/\/armirealestate.com\/wp-content\/uploads\/2026\/03\/Piscina.jpg",1025,767,false],"2048x2048":["https:\/\/armirealestate.com\/wp-content\/uploads\/2026\/03\/Piscina.jpg",1025,767,false],"trp-custom-language-flag":["https:\/\/armirealestate.com\/wp-content\/uploads\/2026\/03\/Piscina-16x12.jpg",16,12,true],"houzez-gallery":["https:\/\/armirealestate.com\/wp-content\/uploads\/2026\/03\/Piscina.jpg",1025,767,false],"houzez-top-v7":["https:\/\/armirealestate.com\/wp-content\/uploads\/2026\/03\/Piscina-780x767.jpg",780,767,true],"houzez-item-image-6":["https:\/\/armirealestate.com\/wp-content\/uploads\/2026\/03\/Piscina-584x438.jpg",584,438,true]},"uagb_author_info":{"display_name":"Armi Real Estate","author_link":"https:\/\/armirealestate.com\/en\/author\/armieperea\/"},"uagb_comment_info":0,"uagb_excerpt":"Sant Pere &#8211; Santa Caterina i la Ribera, Barcelona Espectacular d\u00faplex de dise\u00f1o con piscina y gran terraza exterior \u2013 280 m\u00b2 ubicado a solo unos pasos del famoso Palau de la M\u00fasica Catalana, en pleno centro de la ciudad condal. Exclusiva vivienda tipo d\u00faplex de 280 m\u00b2, de obra reciente y dise\u00f1o contempor\u00e1neo, pensada&hellip;","_links":{"self":[{"href":"https:\/\/armirealestate.com\/en\/wp-json\/wp\/v2\/properties\/9197","targetHints":{"allow":["GET"]}}],"collection":[{"href":"https:\/\/armirealestate.com\/en\/wp-json\/wp\/v2\/properties"}],"about":[{"href":"https:\/\/armirealestate.com\/en\/wp-json\/wp\/v2\/types\/property"}],"author":[{"embeddable":true,"href":"https:\/\/armirealestate.com\/en\/wp-json\/wp\/v2\/users\/2"}],"version-history":[{"count":1,"href":"https:\/\/armirealestate.com\/en\/wp-json\/wp\/v2\/properties\/9197\/revisions"}],"predecessor-version":[{"id":9198,"href":"https:\/\/armirealestate.com\/en\/wp-json\/wp\/v2\/properties\/9197\/revisions\/9198"}],"wp:featuredmedia":[{"embeddable":true,"href":"https:\/\/armirealestate.com\/en\/wp-json\/wp\/v2\/media\/9203"}],"wp:attachment":[{"href":"https:\/\/armirealestate.com\/en\/wp-json\/wp\/v2\/media?parent=9197"}],"wp:term":[{"taxonomy":"property_type","embeddable":true,"href":"https:\/\/armirealestate.com\/en\/wp-json\/wp\/v2\/property_type?post=9197"},{"taxonomy":"property_status","embeddable":true,"href":"https:\/\/armirealestate.com\/en\/wp-json\/wp\/v2\/property_status?post=9197"},{"taxonomy":"property_feature","embeddable":true,"href":"https:\/\/armirealestate.com\/en\/wp-json\/wp\/v2\/property_feature?post=9197"},{"taxonomy":"property_label","embeddable":true,"href":"https:\/\/armirealestate.com\/en\/wp-json\/wp\/v2\/property_label?post=9197"},{"taxonomy":"property_country","embeddable":true,"href":"https:\/\/armirealestate.com\/en\/wp-json\/wp\/v2\/property_country?post=9197"},{"taxonomy":"property_state","embeddable":true,"href":"https:\/\/armirealestate.com\/en\/wp-json\/wp\/v2\/property_state?post=9197"},{"taxonomy":"property_city","embeddable":true,"href":"https:\/\/armirealestate.com\/en\/wp-json\/wp\/v2\/property_city?post=9197"},{"taxonomy":"property_area","embeddable":true,"href":"https:\/\/armirealestate.com\/en\/wp-json\/wp\/v2\/property_area?post=9197"},{"taxonomy":"author","embeddable":true,"href":"https:\/\/armirealestate.com\/en\/wp-json\/wp\/v2\/coauthors?post=9197"}],"curies":[{"name":"wp","href":"https:\/\/api.w.org\/{rel}","templated":true}]}}